{"id":574,"date":"2025-04-26T22:40:36","date_gmt":"2025-04-27T02:40:36","guid":{"rendered":"https:\/\/ccenj.org\/?page_id=574"},"modified":"2025-05-14T08:25:45","modified_gmt":"2025-05-14T12:25:45","slug":"miss-ecuador-nj-mr-ecuador-us","status":"publish","type":"page","link":"https:\/\/ccenj.org\/en\/miss-ecuador-nj-mr-ecuador-us\/","title":{"rendered":"Miss Ecuador NJ &#038; Mr Ecuador US"},"content":{"rendered":"<div data-elementor-type=\"wp-page\" data-elementor-id=\"574\" class=\"elementor elementor-574\">\n\t\t\t\t<div class=\"elementor-element elementor-element-b1e993e e-flex e-con-boxed wpr-particle-no wpr-jarallax-no wpr-parallax-no wpr-sticky-section-no wpr-equal-height-no e-con e-parent\" data-id=\"b1e993e\" data-element_type=\"container\" data-e-type=\"container\" data-settings=\"{&quot;background_background&quot;:&quot;gradient&quot;}\">\n\t\t\t\t\t<div class=\"e-con-inner\">\n\t\t\t\t<div class=\"elementor-element elementor-element-31235cb elementor-widget elementor-widget-spacer\" data-id=\"31235cb\" data-element_type=\"widget\" data-e-type=\"widget\" data-widget_type=\"spacer.default\">\n\t\t\t\t<div class=\"elementor-widget-container\">\n\t\t\t\t\t\t\t<div class=\"elementor-spacer\">\n\t\t\t<div class=\"elementor-spacer-inner\"><\/div>\n\t\t<\/div>\n\t\t\t\t\t\t<\/div>\n\t\t\t\t<\/div>\n\t\t\t\t<div class=\"elementor-element elementor-element-8199253 elementor-widget__width-inherit elementor-widget elementor-widget-heading\" data-id=\"8199253\" data-element_type=\"widget\" data-e-type=\"widget\" data-widget_type=\"heading.default\">\n\t\t\t\t<div class=\"elementor-widget-container\">\n\t\t\t\t\t<h1 class=\"elementor-heading-title elementor-size-default\">MISS ECUADOR NJ &amp; MR ECUADOR USA<\/h1>\t\t\t\t<\/div>\n\t\t\t\t<\/div>\n\t\t\t\t<div class=\"elementor-element elementor-element-cd656ad elementor-widget__width-initial elementor-widget elementor-widget-text-editor\" data-id=\"cd656ad\" data-element_type=\"widget\" data-e-type=\"widget\" data-widget_type=\"text-editor.default\">\n\t\t\t\t<div class=\"elementor-widget-container\">\n\t\t\t\t\t\t\t\t\t<p>The Ecuadorian Civic Committee of New Jersey (CCENJ) organizes two emblematic pageants that celebrate Ecuadorian culture and talent in the United States <strong data-start=\"178\" data-end=\"205\">Miss Ecuador New Jersey<\/strong><span data-start=\"178\" data-end=\"205\"> and <\/span><strong data-start=\"156\" data-end=\"175\">Mr. Ecuador USA.<\/strong><\/p>\t\t\t\t\t\t\t\t<\/div>\n\t\t\t\t<\/div>\n\t\t\t\t\t<\/div>\n\t\t\t\t<\/div>\n\t\t<div class=\"elementor-element elementor-element-fe5b3e7 e-flex e-con-boxed wpr-particle-no wpr-jarallax-no wpr-parallax-no wpr-sticky-section-no wpr-equal-height-no e-con e-parent\" data-id=\"fe5b3e7\" data-element_type=\"container\" data-e-type=\"container\" data-settings=\"{&quot;background_background&quot;:&quot;video&quot;,&quot;shape_divider_top&quot;:&quot;mountains&quot;}\">\n\t\t\t\t\t<div class=\"e-con-inner\">\n\t\t\t\t<div class=\"elementor-shape elementor-shape-top\" aria-hidden=\"true\" data-negative=\"false\">\n\t\t\t<svg xmlns=\"http:\/\/www.w3.org\/2000\/svg\" viewbox=\"0 0 1000 100\" preserveaspectratio=\"none\">\n\t<path class=\"elementor-shape-fill\" opacity=\"0.33\" d=\"M473,67.3c-203.9,88.3-263.1-34-320.3,0C66,119.1,0,59.7,0,59.7V0h1000v59.7 c0,0-62.1,26.1-94.9,29.3c-32.8,3.3-62.8-12.3-75.8-22.1C806,49.6,745.3,8.7,694.9,4.7S492.4,59,473,67.3z\"\/>\n\t<path class=\"elementor-shape-fill\" opacity=\"0.66\" d=\"M734,67.3c-45.5,0-77.2-23.2-129.1-39.1c-28.6-8.7-150.3-10.1-254,39.1 s-91.7-34.4-149.2,0C115.7,118.3,0,39.8,0,39.8V0h1000v36.5c0,0-28.2-18.5-92.1-18.5C810.2,18.1,775.7,67.3,734,67.3z\"\/>\n\t<path class=\"elementor-shape-fill\" d=\"M766.1,28.9c-200-57.5-266,65.5-395.1,19.5C242,1.8,242,5.4,184.8,20.6C128,35.8,132.3,44.9,89.9,52.5C28.6,63.7,0,0,0,0 h1000c0,0-9.9,40.9-83.6,48.1S829.6,47,766.1,28.9z\"\/>\n<\/svg>\t\t<\/div>\n\t\t<div class=\"elementor-element elementor-element-9cf9793 e-con-full e-flex wpr-particle-no wpr-jarallax-no wpr-parallax-no wpr-sticky-section-no wpr-equal-height-no e-con e-child\" data-id=\"9cf9793\" data-element_type=\"container\" data-e-type=\"container\">\n\t\t\t\t<div class=\"elementor-element elementor-element-afa7167 elementor-position-top elementor-widget elementor-widget-image-box\" data-id=\"afa7167\" data-element_type=\"widget\" data-e-type=\"widget\" data-widget_type=\"image-box.default\">\n\t\t\t\t<div class=\"elementor-widget-container\">\n\t\t\t\t\t<div class=\"elementor-image-box-wrapper\"><figure class=\"elementor-image-box-img\"><img decoding=\"async\" src=\"https:\/\/ccenj.org\/wp-content\/uploads\/elementor\/thumbs\/MssEcuadorNJ-logo-min-r44bn223r9ommygndb10jej8bfpvd58ykmnbly4gzo.png\" title=\"MssEcuadorNJ-logo-min\" alt=\"MssEcuadorNJ-logo-min\" loading=\"lazy\" \/><\/figure><div class=\"elementor-image-box-content\"><h3 class=\"elementor-image-box-title\">Miss Ecuador New Jersey<\/h3><p class=\"elementor-image-box-description\">Launched in 2002, this women's pageant aims to select a young woman to represent the Ecuadorian community in the state of New Jersey. The chosen queen participates in prominent events such as the Condor Awards Gala, the Ecuadorian Unity Mass, the Ecuadorian State Parade, and the Ecuadorian Festival. Additionally, she is encouraged to raise funds to support underprivileged individuals in Ecuador during her reign.<\/p><\/div><\/div>\t\t\t\t<\/div>\n\t\t\t\t<\/div>\n\t\t\t\t<div class=\"elementor-element elementor-element-5e3e6ee wpr-button-icon-style-inline wpr-button-icon-position-right elementor-widget elementor-widget-wpr-button\" data-id=\"5e3e6ee\" data-element_type=\"widget\" data-e-type=\"widget\" data-widget_type=\"wpr-button.default\">\n\t\t\t\t<div class=\"elementor-widget-container\">\n\t\t\t\t\t\t\n\t\t\t\n\t\t\n\t\t<div class=\"wpr-button-wrap elementor-clearfix\">\n\t\t<a class=\"wpr-button wpr-button-effect wpr-button-none\" data-text=\"\" href=\"#missecuador\">\n\t\t\t\n\t\t\t<span class=\"wpr-button-content\">\n\t\t\t\t\t\t\t\t\t<span class=\"wpr-button-text\">Leer Mas<\/span>\n\t\t\t\t\t\t\t\t\n\t\t\t\t\t\t\t<\/span>\n\t\t<\/a>\n\n\t\t\t\t<\/div>\n\t\n\t\n\t\t\t\t\t<\/div>\n\t\t\t\t<\/div>\n\t\t\t\t<\/div>\n\t\t<div class=\"elementor-element elementor-element-7fa55a2 e-con-full e-flex wpr-particle-no wpr-jarallax-no wpr-parallax-no wpr-sticky-section-no wpr-equal-height-no e-con e-child\" data-id=\"7fa55a2\" data-element_type=\"container\" data-e-type=\"container\">\n\t\t\t\t<div class=\"elementor-element elementor-element-339943e elementor-position-top elementor-widget elementor-widget-image-box\" data-id=\"339943e\" data-element_type=\"widget\" data-e-type=\"widget\" data-widget_type=\"image-box.default\">\n\t\t\t\t<div class=\"elementor-widget-container\">\n\t\t\t\t\t<div class=\"elementor-image-box-wrapper\"><figure class=\"elementor-image-box-img\"><img decoding=\"async\" src=\"https:\/\/ccenj.org\/wp-content\/uploads\/elementor\/thumbs\/MrEcuadorLogo-min-r44bn149kfnuqa3vf9flnb0s2igaaqxakmxvyc1caw.png\" title=\"MrEcuadorLogo-min\" alt=\"MrEcuadorLogo-min\" loading=\"lazy\" \/><\/figure><div class=\"elementor-image-box-content\"><h3 class=\"elementor-image-box-title\">Mr Ecuador US<\/h3><p class=\"elementor-image-box-description\">Established in 2017, this men's pageant aims to highlight the physical, intellectual, and cultural qualities of young Ecuadorian men living in the U.S. The participants represent various provinces of Ecuador and are presented during a special gala, where they receive their official sashes. The event seeks to promote Ecuador\u2019s cultural traditions and strengthen the bonds between both countries.<\/p><\/div><\/div>\t\t\t\t<\/div>\n\t\t\t\t<\/div>\n\t\t\t\t<div class=\"elementor-element elementor-element-93e72cb wpr-button-icon-style-inline wpr-button-icon-position-right elementor-widget elementor-widget-wpr-button\" data-id=\"93e72cb\" data-element_type=\"widget\" data-e-type=\"widget\" data-widget_type=\"wpr-button.default\">\n\t\t\t\t<div class=\"elementor-widget-container\">\n\t\t\t\t\t\t\n\t\t\t\n\t\t\n\t\t<div class=\"wpr-button-wrap elementor-clearfix\">\n\t\t<a class=\"wpr-button wpr-button-effect wpr-button-none\" data-text=\"\" href=\"#mrecuador\">\n\t\t\t\n\t\t\t<span class=\"wpr-button-content\">\n\t\t\t\t\t\t\t\t\t<span class=\"wpr-button-text\">Leer Mas<\/span>\n\t\t\t\t\t\t\t\t\n\t\t\t\t\t\t\t<\/span>\n\t\t<\/a>\n\n\t\t\t\t<\/div>\n\t\n\t\n\t\t\t\t\t<\/div>\n\t\t\t\t<\/div>\n\t\t\t\t<\/div>\n\t\t\t\t\t<\/div>\n\t\t\t\t<\/div>\n\t\t<div class=\"elementor-element elementor-element-843ad6f e-flex e-con-boxed wpr-particle-no wpr-jarallax-no wpr-parallax-no wpr-sticky-section-no wpr-equal-height-no e-con e-parent\" data-id=\"843ad6f\" data-element_type=\"container\" data-e-type=\"container\">\n\t\t\t\t\t<div class=\"e-con-inner\">\n\t\t\t\t<div class=\"elementor-element elementor-element-004cec5 elementor-widget elementor-widget-spacer\" data-id=\"004cec5\" data-element_type=\"widget\" data-e-type=\"widget\" data-widget_type=\"spacer.default\">\n\t\t\t\t<div class=\"elementor-widget-container\">\n\t\t\t\t\t\t\t<div class=\"elementor-spacer\">\n\t\t\t<div class=\"elementor-spacer-inner\"><\/div>\n\t\t<\/div>\n\t\t\t\t\t\t<\/div>\n\t\t\t\t<\/div>\n\t\t\t\t<div class=\"elementor-element elementor-element-2ec9b33 elementor-widget-divider--view-line elementor-widget elementor-widget-divider\" data-id=\"2ec9b33\" data-element_type=\"widget\" data-e-type=\"widget\" data-widget_type=\"divider.default\">\n\t\t\t\t<div class=\"elementor-widget-container\">\n\t\t\t\t\t\t\t<div class=\"elementor-divider\">\n\t\t\t<span class=\"elementor-divider-separator\">\n\t\t\t\t\t\t<\/span>\n\t\t<\/div>\n\t\t\t\t\t\t<\/div>\n\t\t\t\t<\/div>\n\t\t\t\t\t<\/div>\n\t\t\t\t<\/div>\n\t\t<div class=\"elementor-element elementor-element-9acaf2f e-flex e-con-boxed wpr-particle-no wpr-jarallax-no wpr-parallax-no wpr-sticky-section-no wpr-equal-height-no e-con e-parent\" data-id=\"9acaf2f\" data-element_type=\"container\" data-e-type=\"container\" id=\"missecuador\">\n\t\t\t\t\t<div class=\"e-con-inner\">\n\t\t\t\t<div class=\"elementor-element elementor-element-4620644 elementor-widget elementor-widget-heading\" data-id=\"4620644\" data-element_type=\"widget\" data-e-type=\"widget\" data-widget_type=\"heading.default\">\n\t\t\t\t<div class=\"elementor-widget-container\">\n\t\t\t\t\t<h2 class=\"elementor-heading-title elementor-size-default\">Miss Ecuador NJ 2024 - 2025<\/h2>\t\t\t\t<\/div>\n\t\t\t\t<\/div>\n\t\t\t\t<div class=\"elementor-element elementor-element-df9421a elementor-widget elementor-widget-text-editor\" data-id=\"df9421a\" data-element_type=\"widget\" data-e-type=\"widget\" data-widget_type=\"text-editor.default\">\n\t\t\t\t<div class=\"elementor-widget-container\">\n\t\t\t\t\t\t\t\t\t<p><strong>We proudly present the Queen of the Ecuadorian Civic Committee of New Jersey.<\/strong>. Her elegance, intelligence, and commitment to our community make her an exemplary ambassador of Ecuadorian culture. Through her dedication and passion, she embodies the values we celebrate and promotes the rich heritage of Ecuador in our region. We are thrilled to have her as a representative and leader in our civic initiatives!<\/p>\t\t\t\t\t\t\t\t<\/div>\n\t\t\t\t<\/div>\n\t\t<div class=\"elementor-element elementor-element-026c580 e-con-full e-flex wpr-particle-no wpr-jarallax-no wpr-parallax-no wpr-sticky-section-no wpr-equal-height-no e-con e-child\" data-id=\"026c580\" data-element_type=\"container\" data-e-type=\"container\">\n\t\t<div class=\"elementor-element elementor-element-1ad72eb e-con-full e-flex wpr-particle-no wpr-jarallax-no wpr-parallax-no wpr-sticky-section-no wpr-equal-height-no e-con e-child\" data-id=\"1ad72eb\" data-element_type=\"container\" data-e-type=\"container\">\n\t\t\t\t<div class=\"elementor-element elementor-element-7928789 elementor-widget elementor-widget-heading\" data-id=\"7928789\" data-element_type=\"widget\" data-e-type=\"widget\" data-widget_type=\"heading.default\">\n\t\t\t\t<div class=\"elementor-widget-container\">\n\t\t\t\t\t<h2 class=\"elementor-heading-title elementor-size-default\">Queen of the Ecuadorian Civic Committee of New Jersey<\/h2>\t\t\t\t<\/div>\n\t\t\t\t<\/div>\n\t\t\t\t<\/div>\n\t\t<div class=\"elementor-element elementor-element-702c295 e-con-full e-flex wpr-particle-no wpr-jarallax-no wpr-parallax-no wpr-sticky-section-no wpr-equal-height-no e-con e-child\" data-id=\"702c295\" data-element_type=\"container\" data-e-type=\"container\">\n\t\t\t\t<div class=\"elementor-element elementor-element-84e11d7 elementor-widget elementor-widget-image\" data-id=\"84e11d7\" data-element_type=\"widget\" data-e-type=\"widget\" data-widget_type=\"image.default\">\n\t\t\t\t<div class=\"elementor-widget-container\">\n\t\t\t\t\t\t\t\t\t\t\t\t\t\t\t<img fetchpriority=\"high\" decoding=\"async\" width=\"2048\" height=\"2560\" src=\"https:\/\/ccenj.org\/wp-content\/uploads\/2025\/04\/DSC02410_Original-scaled-min.jpg\" class=\"attachment-full size-full wp-image-607\" alt=\"\" srcset=\"https:\/\/ccenj.org\/wp-content\/uploads\/2025\/04\/DSC02410_Original-scaled-min.jpg 2048w, https:\/\/ccenj.org\/wp-content\/uploads\/2025\/04\/DSC02410_Original-scaled-min-240x300.jpg 240w, https:\/\/ccenj.org\/wp-content\/uploads\/2025\/04\/DSC02410_Original-scaled-min-819x1024.jpg 819w, https:\/\/ccenj.org\/wp-content\/uploads\/2025\/04\/DSC02410_Original-scaled-min-768x960.jpg 768w, https:\/\/ccenj.org\/wp-content\/uploads\/2025\/04\/DSC02410_Original-scaled-min-1229x1536.jpg 1229w, https:\/\/ccenj.org\/wp-content\/uploads\/2025\/04\/DSC02410_Original-scaled-min-1638x2048.jpg 1638w, https:\/\/ccenj.org\/wp-content\/uploads\/2025\/04\/DSC02410_Original-scaled-min-10x12.jpg 10w, https:\/\/ccenj.org\/wp-content\/uploads\/2025\/04\/DSC02410_Original-scaled-min-200x250.jpg 200w\" sizes=\"(max-width: 2048px) 100vw, 2048px\" \/>\t\t\t\t\t\t\t\t\t\t\t\t\t\t\t<\/div>\n\t\t\t\t<\/div>\n\t\t<div class=\"elementor-element elementor-element-5a8539b e-con-full e-flex wpr-particle-no wpr-jarallax-no wpr-parallax-no wpr-sticky-section-no wpr-equal-height-no e-con e-child\" data-id=\"5a8539b\" data-element_type=\"container\" data-e-type=\"container\">\n\t\t\t\t<div class=\"elementor-element elementor-element-a71c760 elementor-widget elementor-widget-heading\" data-id=\"a71c760\" data-element_type=\"widget\" data-e-type=\"widget\" data-widget_type=\"heading.default\">\n\t\t\t\t<div class=\"elementor-widget-container\">\n\t\t\t\t\t<h2 class=\"elementor-heading-title elementor-size-default\">Sandra Paola Jaramillo<\/h2>\t\t\t\t<\/div>\n\t\t\t\t<\/div>\n\t\t\t\t<div class=\"elementor-element elementor-element-7afc295 elementor-widget elementor-widget-text-editor\" data-id=\"7afc295\" data-element_type=\"widget\" data-e-type=\"widget\" data-widget_type=\"text-editor.default\">\n\t\t\t\t<div class=\"elementor-widget-container\">\n\t\t\t\t\t\t\t\t\t<p style=\"text-align: left;\">Mi name <span style=\"color: #800000;\">Sandra Paola Jaramillo<\/span>, I was born on January 2, 1998, in Pi\u00f1as, El Oro Province \u2013 Ecuador <br \/>I have been living in New Jersey with my family for the past five years.<br \/>Since I was a child, I have worked hard alongside my mom and brother to move forward and grow together.<br \/>I have participated in beauty pageants since I was 11, without knowing that it would become something I would love to do. And the best part is the doors that have opened for me, allowing me to reach more people and show that beyond the crown, I can make a positive impact on society through social work, empowering more women, and being an example of perseverance.<br \/>I have approximately 10 crowns from the different pageants I have won and more than 18 sashes from various titles.<br \/>One of the pageants that gave me the most recognition and opportunities was being.<br \/>\u2013 First Runner-Up of Pi\u00f1as Canton. <br \/>\u2013 Teen Universe Ecuador <br \/>\u2013  First Runner-up of Teen Universe 2015.<br \/>Thanks to these platforms, I have also had the opportunity to work as an image and model for various publications, as a host, reporter, and magazine cover girl. I have also created a small community on my social media, where I share my daily life, which I hope to continue growing. <br \/>I hope to participate in larger pageants in the future, but in the meantime, I will continue preparing myself to achieve my personal and professional goals. <br \/>I want to thank the Ecuadorian Civic Committee of New Jersey for this great opportunity to have me as their queen and help make one more of my goals a reality.<\/p>\t\t\t\t\t\t\t\t<\/div>\n\t\t\t\t<\/div>\n\t\t\t\t<div class=\"elementor-element elementor-element-0cc2c0c elementor-shape-circle elementor-grid-0 e-grid-align-center elementor-widget elementor-widget-social-icons\" data-id=\"0cc2c0c\" data-element_type=\"widget\" data-e-type=\"widget\" data-widget_type=\"social-icons.default\">\n\t\t\t\t<div class=\"elementor-widget-container\">\n\t\t\t\t\t\t\t<div class=\"elementor-social-icons-wrapper elementor-grid\" role=\"list\">\n\t\t\t\t\t\t\t<span class=\"elementor-grid-item\" role=\"listitem\">\n\t\t\t\t\t<a class=\"elementor-icon elementor-social-icon elementor-social-icon-facebook elementor-repeater-item-5a367ee\" target=\"_blank\">\n\t\t\t\t\t\t<span class=\"elementor-screen-only\">Facebook<\/span>\n\t\t\t\t\t\t<svg aria-hidden=\"true\" class=\"e-font-icon-svg e-fab-facebook\" viewbox=\"0 0 512 512\" xmlns=\"http:\/\/www.w3.org\/2000\/svg\"><path d=\"M504 256C504 119 393 8 256 8S8 119 8 256c0 123.78 90.69 226.38 209.25 245V327.69h-63V256h63v-54.64c0-62.15 37-96.48 93.67-96.48 27.14 0 55.52 4.84 55.52 4.84v61h-31.28c-30.8 0-40.41 19.12-40.41 38.73V256h68.78l-11 71.69h-57.78V501C413.31 482.38 504 379.78 504 256z\"><\/path><\/svg>\t\t\t\t\t<\/a>\n\t\t\t\t<\/span>\n\t\t\t\t\t\t\t<span class=\"elementor-grid-item\" role=\"listitem\">\n\t\t\t\t\t<a class=\"elementor-icon elementor-social-icon elementor-social-icon-instagram elementor-repeater-item-e16bb83\" target=\"_blank\">\n\t\t\t\t\t\t<span class=\"elementor-screen-only\">Instagram<\/span>\n\t\t\t\t\t\t<svg aria-hidden=\"true\" class=\"e-font-icon-svg e-fab-instagram\" viewbox=\"0 0 448 512\" xmlns=\"http:\/\/www.w3.org\/2000\/svg\"><path d=\"M224.1 141c-63.6 0-114.9 51.3-114.9 114.9s51.3 114.9 114.9 114.9S339 319.5 339 255.9 287.7 141 224.1 141zm0 189.6c-41.1 0-74.7-33.5-74.7-74.7s33.5-74.7 74.7-74.7 74.7 33.5 74.7 74.7-33.6 74.7-74.7 74.7zm146.4-194.3c0 14.9-12 26.8-26.8 26.8-14.9 0-26.8-12-26.8-26.8s12-26.8 26.8-26.8 26.8 12 26.8 26.8zm76.1 27.2c-1.7-35.9-9.9-67.7-36.2-93.9-26.2-26.2-58-34.4-93.9-36.2-37-2.1-147.9-2.1-184.9 0-35.8 1.7-67.6 9.9-93.9 36.1s-34.4 58-36.2 93.9c-2.1 37-2.1 147.9 0 184.9 1.7 35.9 9.9 67.7 36.2 93.9s58 34.4 93.9 36.2c37 2.1 147.9 2.1 184.9 0 35.9-1.7 67.7-9.9 93.9-36.2 26.2-26.2 34.4-58 36.2-93.9 2.1-37 2.1-147.8 0-184.8zM398.8 388c-7.8 19.6-22.9 34.7-42.6 42.6-29.5 11.7-99.5 9-132.1 9s-102.7 2.6-132.1-9c-19.6-7.8-34.7-22.9-42.6-42.6-11.7-29.5-9-99.5-9-132.1s-2.6-102.7 9-132.1c7.8-19.6 22.9-34.7 42.6-42.6 29.5-11.7 99.5-9 132.1-9s102.7-2.6 132.1 9c19.6 7.8 34.7 22.9 42.6 42.6 11.7 29.5 9 99.5 9 132.1s2.7 102.7-9 132.1z\"><\/path><\/svg>\t\t\t\t\t<\/a>\n\t\t\t\t<\/span>\n\t\t\t\t\t<\/div>\n\t\t\t\t\t\t<\/div>\n\t\t\t\t<\/div>\n\t\t\t\t<\/div>\n\t\t\t\t<\/div>\n\t\t\t\t<\/div>\n\t\t<div class=\"elementor-element elementor-element-fe20374 e-con-full e-flex wpr-particle-no wpr-jarallax-no wpr-parallax-no wpr-sticky-section-no wpr-equal-height-no e-con e-child\" data-id=\"fe20374\" data-element_type=\"container\" data-e-type=\"container\">\n\t\t\t\t<div class=\"elementor-element elementor-element-fa9d5b3 elementor-widget-divider--view-line elementor-widget elementor-widget-divider\" data-id=\"fa9d5b3\" data-element_type=\"widget\" data-e-type=\"widget\" data-widget_type=\"divider.default\">\n\t\t\t\t<div class=\"elementor-widget-container\">\n\t\t\t\t\t\t\t<div class=\"elementor-divider\">\n\t\t\t<span class=\"elementor-divider-separator\">\n\t\t\t\t\t\t<\/span>\n\t\t<\/div>\n\t\t\t\t\t\t<\/div>\n\t\t\t\t<\/div>\n\t\t\t\t<\/div>\n\t\t\t\t\t<\/div>\n\t\t\t\t<\/div>\n\t\t<div class=\"elementor-element elementor-element-49e1ff3 e-flex e-con-boxed wpr-particle-no wpr-jarallax-no wpr-parallax-no wpr-sticky-section-no wpr-equal-height-no e-con e-parent\" data-id=\"49e1ff3\" data-element_type=\"container\" data-e-type=\"container\">\n\t\t\t\t\t<div class=\"e-con-inner\">\n\t\t<div class=\"elementor-element elementor-element-da00dec e-con-full e-flex wpr-particle-no wpr-jarallax-no wpr-parallax-no wpr-sticky-section-no wpr-equal-height-no e-con e-child\" data-id=\"da00dec\" data-element_type=\"container\" data-e-type=\"container\">\n\t\t<div class=\"elementor-element elementor-element-2d38edc e-con-full e-flex wpr-particle-no wpr-jarallax-no wpr-parallax-no wpr-sticky-section-no wpr-equal-height-no e-con e-child\" data-id=\"2d38edc\" data-element_type=\"container\" data-e-type=\"container\">\n\t\t\t\t<div class=\"elementor-element elementor-element-2f1395b elementor-widget elementor-widget-heading\" data-id=\"2f1395b\" data-element_type=\"widget\" data-e-type=\"widget\" data-widget_type=\"heading.default\">\n\t\t\t\t<div class=\"elementor-widget-container\">\n\t\t\t\t\t<h2 class=\"elementor-heading-title elementor-size-default\">First Runner-Up of the Ecuadorian Civic Committee of New Jerse<\/h2>\t\t\t\t<\/div>\n\t\t\t\t<\/div>\n\t\t\t\t<\/div>\n\t\t<div class=\"elementor-element elementor-element-9de3df3 e-con-full e-flex wpr-particle-no wpr-jarallax-no wpr-parallax-no wpr-sticky-section-no wpr-equal-height-no e-con e-child\" data-id=\"9de3df3\" data-element_type=\"container\" data-e-type=\"container\">\n\t\t<div class=\"elementor-element elementor-element-75cfcfd e-con-full e-flex wpr-particle-no wpr-jarallax-no wpr-parallax-no wpr-sticky-section-no wpr-equal-height-no e-con e-child\" data-id=\"75cfcfd\" data-element_type=\"container\" data-e-type=\"container\">\n\t\t\t\t<div class=\"elementor-element elementor-element-4067e86 elementor-widget elementor-widget-heading\" data-id=\"4067e86\" data-element_type=\"widget\" data-e-type=\"widget\" data-widget_type=\"heading.default\">\n\t\t\t\t<div class=\"elementor-widget-container\">\n\t\t\t\t\t<h2 class=\"elementor-heading-title elementor-size-default\">Victoria Alexandra Ineguez<\/h2>\t\t\t\t<\/div>\n\t\t\t\t<\/div>\n\t\t\t\t<div class=\"elementor-element elementor-element-464c1ce elementor-widget elementor-widget-text-editor\" data-id=\"464c1ce\" data-element_type=\"widget\" data-e-type=\"widget\" data-widget_type=\"text-editor.default\">\n\t\t\t\t<div class=\"elementor-widget-container\">\n\t\t\t\t\t\t\t\t\t<p>Mi name is <span style=\"color: #993366;\">Victoria I\u00f1eguez<\/span>, I am 22 years old, and I am currently studying law. Since I was very young, music has been my great passion, and I have dedicated much of my life to singing, developing my talent and enjoying every moment I spend on stage. In addition to music, the artistic world has always fascinated me, including the exciting realm of beauty pageants, where I have had the opportunity to participate and stand out.<\/p>\n<p>My goal is to be a source of inspiration for others. I firmly believe that with dedication and passion, great goals can be achieved, and I want to demonstrate this through my life and achievements. I strive to combine my law studies with my love for the arts, always seeking new ways to make a positive impact on my community and the world.<\/p>\n<p>I am a person committed to my personal and professional development, and I take pride in balancing my studies with my artistic passions. With a clear vision and a heart full of dreams, I continue to work hard to achieve my goals, always with the hope of inspiring others to follow their own passions and pursue their dreams.<\/p>\t\t\t\t\t\t\t\t<\/div>\n\t\t\t\t<\/div>\n\t\t\t\t<div class=\"elementor-element elementor-element-816c8c1 elementor-shape-circle elementor-grid-0 e-grid-align-center elementor-widget elementor-widget-social-icons\" data-id=\"816c8c1\" data-element_type=\"widget\" data-e-type=\"widget\" data-widget_type=\"social-icons.default\">\n\t\t\t\t<div class=\"elementor-widget-container\">\n\t\t\t\t\t\t\t<div class=\"elementor-social-icons-wrapper elementor-grid\" role=\"list\">\n\t\t\t\t\t\t\t<span class=\"elementor-grid-item\" role=\"listitem\">\n\t\t\t\t\t<a class=\"elementor-icon elementor-social-icon elementor-social-icon-facebook elementor-repeater-item-5a367ee\" target=\"_blank\">\n\t\t\t\t\t\t<span class=\"elementor-screen-only\">Facebook<\/span>\n\t\t\t\t\t\t<svg aria-hidden=\"true\" class=\"e-font-icon-svg e-fab-facebook\" viewbox=\"0 0 512 512\" xmlns=\"http:\/\/www.w3.org\/2000\/svg\"><path d=\"M504 256C504 119 393 8 256 8S8 119 8 256c0 123.78 90.69 226.38 209.25 245V327.69h-63V256h63v-54.64c0-62.15 37-96.48 93.67-96.48 27.14 0 55.52 4.84 55.52 4.84v61h-31.28c-30.8 0-40.41 19.12-40.41 38.73V256h68.78l-11 71.69h-57.78V501C413.31 482.38 504 379.78 504 256z\"><\/path><\/svg>\t\t\t\t\t<\/a>\n\t\t\t\t<\/span>\n\t\t\t\t\t\t\t<span class=\"elementor-grid-item\" role=\"listitem\">\n\t\t\t\t\t<a class=\"elementor-icon elementor-social-icon elementor-social-icon-instagram elementor-repeater-item-e16bb83\" target=\"_blank\">\n\t\t\t\t\t\t<span class=\"elementor-screen-only\">Instagram<\/span>\n\t\t\t\t\t\t<svg aria-hidden=\"true\" class=\"e-font-icon-svg e-fab-instagram\" viewbox=\"0 0 448 512\" xmlns=\"http:\/\/www.w3.org\/2000\/svg\"><path d=\"M224.1 141c-63.6 0-114.9 51.3-114.9 114.9s51.3 114.9 114.9 114.9S339 319.5 339 255.9 287.7 141 224.1 141zm0 189.6c-41.1 0-74.7-33.5-74.7-74.7s33.5-74.7 74.7-74.7 74.7 33.5 74.7 74.7-33.6 74.7-74.7 74.7zm146.4-194.3c0 14.9-12 26.8-26.8 26.8-14.9 0-26.8-12-26.8-26.8s12-26.8 26.8-26.8 26.8 12 26.8 26.8zm76.1 27.2c-1.7-35.9-9.9-67.7-36.2-93.9-26.2-26.2-58-34.4-93.9-36.2-37-2.1-147.9-2.1-184.9 0-35.8 1.7-67.6 9.9-93.9 36.1s-34.4 58-36.2 93.9c-2.1 37-2.1 147.9 0 184.9 1.7 35.9 9.9 67.7 36.2 93.9s58 34.4 93.9 36.2c37 2.1 147.9 2.1 184.9 0 35.9-1.7 67.7-9.9 93.9-36.2 26.2-26.2 34.4-58 36.2-93.9 2.1-37 2.1-147.8 0-184.8zM398.8 388c-7.8 19.6-22.9 34.7-42.6 42.6-29.5 11.7-99.5 9-132.1 9s-102.7 2.6-132.1-9c-19.6-7.8-34.7-22.9-42.6-42.6-11.7-29.5-9-99.5-9-132.1s-2.6-102.7 9-132.1c7.8-19.6 22.9-34.7 42.6-42.6 29.5-11.7 99.5-9 132.1-9s102.7-2.6 132.1 9c19.6 7.8 34.7 22.9 42.6 42.6 11.7 29.5 9 99.5 9 132.1s2.7 102.7-9 132.1z\"><\/path><\/svg>\t\t\t\t\t<\/a>\n\t\t\t\t<\/span>\n\t\t\t\t\t<\/div>\n\t\t\t\t\t\t<\/div>\n\t\t\t\t<\/div>\n\t\t\t\t<\/div>\n\t\t\t\t<div class=\"elementor-element elementor-element-04eee76 elementor-widget elementor-widget-image\" data-id=\"04eee76\" data-element_type=\"widget\" data-e-type=\"widget\" data-widget_type=\"image.default\">\n\t\t\t\t<div class=\"elementor-widget-container\">\n\t\t\t\t\t\t\t\t\t\t\t\t\t\t\t<img decoding=\"async\" width=\"1600\" height=\"2000\" src=\"https:\/\/ccenj.org\/wp-content\/uploads\/2025\/04\/victoria-ineguez.jpg\" class=\"attachment-full size-full wp-image-616\" alt=\"\" srcset=\"https:\/\/ccenj.org\/wp-content\/uploads\/2025\/04\/victoria-ineguez.jpg 1600w, https:\/\/ccenj.org\/wp-content\/uploads\/2025\/04\/victoria-ineguez-240x300.jpg 240w, https:\/\/ccenj.org\/wp-content\/uploads\/2025\/04\/victoria-ineguez-819x1024.jpg 819w, https:\/\/ccenj.org\/wp-content\/uploads\/2025\/04\/victoria-ineguez-768x960.jpg 768w, https:\/\/ccenj.org\/wp-content\/uploads\/2025\/04\/victoria-ineguez-1229x1536.jpg 1229w, https:\/\/ccenj.org\/wp-content\/uploads\/2025\/04\/victoria-ineguez-10x12.jpg 10w, https:\/\/ccenj.org\/wp-content\/uploads\/2025\/04\/victoria-ineguez-200x250.jpg 200w\" sizes=\"(max-width: 1600px) 100vw, 1600px\" \/>\t\t\t\t\t\t\t\t\t\t\t\t\t\t\t<\/div>\n\t\t\t\t<\/div>\n\t\t\t\t<\/div>\n\t\t\t\t<\/div>\n\t\t\t\t\t<\/div>\n\t\t\t\t<\/div>\n\t\t<div class=\"elementor-element elementor-element-260e5e5 e-flex e-con-boxed wpr-particle-no wpr-jarallax-no wpr-parallax-no wpr-sticky-section-no wpr-equal-height-no e-con e-parent\" data-id=\"260e5e5\" data-element_type=\"container\" data-e-type=\"container\" id=\"mrecuador\">\n\t\t\t\t\t<div class=\"e-con-inner\">\n\t\t\t\t<div class=\"elementor-element elementor-element-fae21b2 elementor-widget-divider--view-line elementor-widget elementor-widget-divider\" data-id=\"fae21b2\" data-element_type=\"widget\" data-e-type=\"widget\" data-widget_type=\"divider.default\">\n\t\t\t\t<div class=\"elementor-widget-container\">\n\t\t\t\t\t\t\t<div class=\"elementor-divider\">\n\t\t\t<span class=\"elementor-divider-separator\">\n\t\t\t\t\t\t<\/span>\n\t\t<\/div>\n\t\t\t\t\t\t<\/div>\n\t\t\t\t<\/div>\n\t\t\t\t<div class=\"elementor-element elementor-element-0d1c14e elementor-widget elementor-widget-heading\" data-id=\"0d1c14e\" data-element_type=\"widget\" data-e-type=\"widget\" data-widget_type=\"heading.default\">\n\t\t\t\t<div class=\"elementor-widget-container\">\n\t\t\t\t\t<h2 class=\"elementor-heading-title elementor-size-default\">Mr Ecuador US 2024 - 2025<\/h2>\t\t\t\t<\/div>\n\t\t\t\t<\/div>\n\t\t\t\t<div class=\"elementor-element elementor-element-b27ddd8 elementor-widget elementor-widget-text-editor\" data-id=\"b27ddd8\" data-element_type=\"widget\" data-e-type=\"widget\" data-widget_type=\"text-editor.default\">\n\t\t\t\t<div class=\"elementor-widget-container\">\n\t\t\t\t\t\t\t\t\t<p>In an event filled with elegance and enthusiasm, the Ecuadorian Civic Committee has had the honor of presenting the new Mister Ecuador 2024, an outstanding young man who has been selected for his exceptional combination of charm, character, and commitment to the values of our country.<\/p>\t\t\t\t\t\t\t\t<\/div>\n\t\t\t\t<\/div>\n\t\t<div class=\"elementor-element elementor-element-7285a98 e-con-full e-flex wpr-particle-no wpr-jarallax-no wpr-parallax-no wpr-sticky-section-no wpr-equal-height-no e-con e-child\" data-id=\"7285a98\" data-element_type=\"container\" data-e-type=\"container\">\n\t\t<div class=\"elementor-element elementor-element-b715b25 e-con-full e-flex wpr-particle-no wpr-jarallax-no wpr-parallax-no wpr-sticky-section-no wpr-equal-height-no e-con e-child\" data-id=\"b715b25\" data-element_type=\"container\" data-e-type=\"container\">\n\t\t\t\t<div class=\"elementor-element elementor-element-e6f6de4 elementor-widget elementor-widget-heading\" data-id=\"e6f6de4\" data-element_type=\"widget\" data-e-type=\"widget\" data-widget_type=\"heading.default\">\n\t\t\t\t<div class=\"elementor-widget-container\">\n\t\t\t\t\t<h2 class=\"elementor-heading-title elementor-size-default\">Mr. Ecuador US<\/h2>\t\t\t\t<\/div>\n\t\t\t\t<\/div>\n\t\t\t\t<\/div>\n\t\t<div class=\"elementor-element elementor-element-1203328 e-con-full e-flex wpr-particle-no wpr-jarallax-no wpr-parallax-no wpr-sticky-section-no wpr-equal-height-no e-con e-child\" data-id=\"1203328\" data-element_type=\"container\" data-e-type=\"container\">\n\t\t\t\t<div class=\"elementor-element elementor-element-fb6ece1 elementor-widget elementor-widget-image\" data-id=\"fb6ece1\" data-element_type=\"widget\" data-e-type=\"widget\" data-widget_type=\"image.default\">\n\t\t\t\t<div class=\"elementor-widget-container\">\n\t\t\t\t\t\t\t\t\t\t\t\t\t\t\t<img decoding=\"async\" width=\"1366\" height=\"2048\" src=\"https:\/\/ccenj.org\/wp-content\/uploads\/2025\/04\/Jean-Pierre-Solorzano.jpg\" class=\"attachment-full size-full wp-image-615\" alt=\"\" srcset=\"https:\/\/ccenj.org\/wp-content\/uploads\/2025\/04\/Jean-Pierre-Solorzano.jpg 1366w, https:\/\/ccenj.org\/wp-content\/uploads\/2025\/04\/Jean-Pierre-Solorzano-200x300.jpg 200w, https:\/\/ccenj.org\/wp-content\/uploads\/2025\/04\/Jean-Pierre-Solorzano-683x1024.jpg 683w, https:\/\/ccenj.org\/wp-content\/uploads\/2025\/04\/Jean-Pierre-Solorzano-768x1151.jpg 768w, https:\/\/ccenj.org\/wp-content\/uploads\/2025\/04\/Jean-Pierre-Solorzano-1025x1536.jpg 1025w, https:\/\/ccenj.org\/wp-content\/uploads\/2025\/04\/Jean-Pierre-Solorzano-8x12.jpg 8w\" sizes=\"(max-width: 1366px) 100vw, 1366px\" \/>\t\t\t\t\t\t\t\t\t\t\t\t\t\t\t<\/div>\n\t\t\t\t<\/div>\n\t\t<div class=\"elementor-element elementor-element-6747bb1 e-con-full e-flex wpr-particle-no wpr-jarallax-no wpr-parallax-no wpr-sticky-section-no wpr-equal-height-no e-con e-child\" data-id=\"6747bb1\" data-element_type=\"container\" data-e-type=\"container\">\n\t\t<div class=\"elementor-element elementor-element-aafcebd e-con-full e-flex wpr-particle-no wpr-jarallax-no wpr-parallax-no wpr-sticky-section-no wpr-equal-height-no e-con e-child\" data-id=\"aafcebd\" data-element_type=\"container\" data-e-type=\"container\">\n\t\t\t\t<div class=\"elementor-element elementor-element-b94a644 elementor-widget elementor-widget-heading\" data-id=\"b94a644\" data-element_type=\"widget\" data-e-type=\"widget\" data-widget_type=\"heading.default\">\n\t\t\t\t<div class=\"elementor-widget-container\">\n\t\t\t\t\t<h2 class=\"elementor-heading-title elementor-size-default\">Jean Pierre Sol\u00f3rzano Zambrano<\/h2>\t\t\t\t<\/div>\n\t\t\t\t<\/div>\n\t\t\t\t<div class=\"elementor-element elementor-element-4288cf3 elementor-widget elementor-widget-text-editor\" data-id=\"4288cf3\" data-element_type=\"widget\" data-e-type=\"widget\" data-widget_type=\"text-editor.default\">\n\t\t\t\t<div class=\"elementor-widget-container\">\n\t\t\t\t\t\t\t\t\t<p>I would like to express my deepest gratitude, on my behalf, Jean Pierre Sol\u00f3rzano Zambrano, to the Ecuadorian Civic Committee of New Jersey for the immense honor of awarding me the title of Mr. Ecuador. This recognition represents for me a commitment to our community and the values that unite us as Ecuadorians both within and outside of our country. Thank you for your trust and support!<\/p>\t\t\t\t\t\t\t\t<\/div>\n\t\t\t\t<\/div>\n\t\t\t\t<div class=\"elementor-element elementor-element-c40b002 elementor-shape-circle elementor-grid-0 e-grid-align-center elementor-widget elementor-widget-social-icons\" data-id=\"c40b002\" data-element_type=\"widget\" data-e-type=\"widget\" data-widget_type=\"social-icons.default\">\n\t\t\t\t<div class=\"elementor-widget-container\">\n\t\t\t\t\t\t\t<div class=\"elementor-social-icons-wrapper elementor-grid\" role=\"list\">\n\t\t\t\t\t\t\t<span class=\"elementor-grid-item\" role=\"listitem\">\n\t\t\t\t\t<a class=\"elementor-icon elementor-social-icon elementor-social-icon-facebook elementor-repeater-item-5a367ee\" target=\"_blank\">\n\t\t\t\t\t\t<span class=\"elementor-screen-only\">Facebook<\/span>\n\t\t\t\t\t\t<svg aria-hidden=\"true\" class=\"e-font-icon-svg e-fab-facebook\" viewbox=\"0 0 512 512\" xmlns=\"http:\/\/www.w3.org\/2000\/svg\"><path d=\"M504 256C504 119 393 8 256 8S8 119 8 256c0 123.78 90.69 226.38 209.25 245V327.69h-63V256h63v-54.64c0-62.15 37-96.48 93.67-96.48 27.14 0 55.52 4.84 55.52 4.84v61h-31.28c-30.8 0-40.41 19.12-40.41 38.73V256h68.78l-11 71.69h-57.78V501C413.31 482.38 504 379.78 504 256z\"><\/path><\/svg>\t\t\t\t\t<\/a>\n\t\t\t\t<\/span>\n\t\t\t\t\t\t\t<span class=\"elementor-grid-item\" role=\"listitem\">\n\t\t\t\t\t<a class=\"elementor-icon elementor-social-icon elementor-social-icon-instagram elementor-repeater-item-e16bb83\" target=\"_blank\">\n\t\t\t\t\t\t<span class=\"elementor-screen-only\">Instagram<\/span>\n\t\t\t\t\t\t<svg aria-hidden=\"true\" class=\"e-font-icon-svg e-fab-instagram\" viewbox=\"0 0 448 512\" xmlns=\"http:\/\/www.w3.org\/2000\/svg\"><path d=\"M224.1 141c-63.6 0-114.9 51.3-114.9 114.9s51.3 114.9 114.9 114.9S339 319.5 339 255.9 287.7 141 224.1 141zm0 189.6c-41.1 0-74.7-33.5-74.7-74.7s33.5-74.7 74.7-74.7 74.7 33.5 74.7 74.7-33.6 74.7-74.7 74.7zm146.4-194.3c0 14.9-12 26.8-26.8 26.8-14.9 0-26.8-12-26.8-26.8s12-26.8 26.8-26.8 26.8 12 26.8 26.8zm76.1 27.2c-1.7-35.9-9.9-67.7-36.2-93.9-26.2-26.2-58-34.4-93.9-36.2-37-2.1-147.9-2.1-184.9 0-35.8 1.7-67.6 9.9-93.9 36.1s-34.4 58-36.2 93.9c-2.1 37-2.1 147.9 0 184.9 1.7 35.9 9.9 67.7 36.2 93.9s58 34.4 93.9 36.2c37 2.1 147.9 2.1 184.9 0 35.9-1.7 67.7-9.9 93.9-36.2 26.2-26.2 34.4-58 36.2-93.9 2.1-37 2.1-147.8 0-184.8zM398.8 388c-7.8 19.6-22.9 34.7-42.6 42.6-29.5 11.7-99.5 9-132.1 9s-102.7 2.6-132.1-9c-19.6-7.8-34.7-22.9-42.6-42.6-11.7-29.5-9-99.5-9-132.1s-2.6-102.7 9-132.1c7.8-19.6 22.9-34.7 42.6-42.6 29.5-11.7 99.5-9 132.1-9s102.7-2.6 132.1 9c19.6 7.8 34.7 22.9 42.6 42.6 11.7 29.5 9 99.5 9 132.1s2.7 102.7-9 132.1z\"><\/path><\/svg>\t\t\t\t\t<\/a>\n\t\t\t\t<\/span>\n\t\t\t\t\t<\/div>\n\t\t\t\t\t\t<\/div>\n\t\t\t\t<\/div>\n\t\t\t\t<\/div>\n\t\t\t\t<\/div>\n\t\t\t\t<\/div>\n\t\t\t\t<\/div>\n\t\t\t\t\t<\/div>\n\t\t\t\t<\/div>\n\t\t\t\t<\/div>","protected":false},"excerpt":{"rendered":"<p>MISS ECUADOR NJ &#038; MR ECUADOR USA El Comit\u00e9 C\u00edvico Ecuatoriano de New Jersey (CCENJ) organiza dos cert\u00e1menes emblem\u00e1ticos que celebran la cultura y el talento ecuatoriano en Estados Unidos: Miss Ecuador New Jersey y Mr. Ecuador USA. Miss Ecuador New Jersey Iniciado en 2002, este certamen femenino tiene como prop\u00f3sito elegir a una joven que represente a la comunidad ecuatoriana en el estado de Nueva Jersey. La reina seleccionada participa en eventos destacados como la Gala de los Premios C\u00f3ndor, la Misa de Uni\u00f3n Ecuatoriana, el Desfile Estatal Ecuatoriano y la Fiesta Ecuatoriana. Adem\u00e1s, se le alienta a recaudar fondos para apoyar a los menos favorecidos en Ecuador durante su reinado. \u200b Leer Mas Mr Ecuador US Este certamen masculino, instaurado en 2017, busca resaltar las cualidades f\u00edsicas, intelectuales y culturales de j\u00f3venes ecuatorianos residentes en EE. UU. Los participantes representan diversas provincias de Ecuador y se presentan en una gala especial, donde se les impone la banda correspondiente. El evento tiene como objetivo promover las tradiciones culturales de Ecuador y fortalecer los lazos entre ambos pa\u00edses. \u200b Leer Mas Miss Ecuador NJ 2024 &#8211; 2025 Presentamos con orgullo a la Reina del Comit\u00e9 C\u00edvico Ecuatoriano de New Jersey. Su elegancia, inteligencia y compromiso con nuestra comunidad la convierten en una embajadora ejemplar de la cultura ecuatoriana. A trav\u00e9s de su dedicaci\u00f3n y pasi\u00f3n, ella encarna los valores que celebramos y promueve la rica herencia de Ecuador en nuestra regi\u00f3n. \u00a1Estamos encantados de tenerla como representante y l\u00edder en nuestras iniciativas c\u00edvicas! Reina del Comit\u00e9 C\u00edvico Ecuatoriano de New Jersey Sandra Paola Jaramillo Mi nombre Sandra Paola Jaramillo.\u00a0es Nac\u00ed un 2 de enero de 1998 en Pi\u00f1as, la provincia de El Oro \u2013 Ecuador Actualmente llevo 5 a\u00f1os viviendo en New Jersey junto a mi familia.Desde ni\u00f1a eh trabajado arduamente junto a mi mam\u00e1 y mi hermano para salir adelante y crecer juntos.Eh participado en concursos de belleza desde los 11 a\u00f1os sin saber que ser\u00eda algo que me encantara hacer y lo mejor de todo, las puertas que se me han abierto para poder llegar a m\u00e1s personas y demostrar que m\u00e1s all\u00e1 de la corona puedo crear un impacto positivo en la sociedad haciendo labor social, empoderando a m\u00e1s mujeres y siendo ejemplo de perseverancia.Tengo aproximadamente 10 coronas de los diferentes concursos que he ganado y m\u00e1s de 18 bandas de diferentes designaciones.Unos de los concursos que m\u00e1s realce y oportunidades me dieron fue el haber sido\u2013 Virreina del Canton Pi\u00f1as \u2013 Teen Universe Ecuador \u2013 Primera finalista de Teen Universe 2015Gracias a estas plataformas he podido tambi\u00e9n trabajar como imagen y modelo de diferentes publicaciones, presentadora, reportera, portada de revistas, y crear as\u00ed tambi\u00e9n en mis redes sociales una peque\u00f1a comunidad donde les muestro mi diario vivir que poco a poco la quiero hacer crecer m\u00e1s. Espero m\u00e1s adelante poder participar en concursos m\u00e1s grande pero mientras tanto, seguir\u00e9 prepar\u00e1ndome para alcanzar mis metas personales y profesionales. Quiero agradecer al Comit\u00e9 C\u00edvico Ecuatoriano de New Jersey por esta gran oportunidad de tenerme como su reina y hacer realidad uno m\u00e1s de mis objetivos. Facebook Instagram Virreina del Comit\u00e9 C\u00edvico Ecuatoriano de New Jersey Victoria Alexandra Ineguez Me llamo Victoria I\u00f1eguez, tengo 22 a\u00f1os y actualmente estudio la carrera de derecho. Desde muy peque\u00f1a, la m\u00fasica ha sido mi gran pasi\u00f3n, y he dedicado gran parte de mi vida al canto, desarrollando mi talento y disfrutando cada momento que paso en el escenario. Adem\u00e1s de la m\u00fasica, el mundo art\u00edstico siempre me ha fascinado, incluyendo el emocionante \u00e1mbito de los concursos de belleza, donde he tenido la oportunidad de participar y destacarme. Mi objetivo es ser una fuente de inspiraci\u00f3n para otros. Creo firmemente que con dedicaci\u00f3n y pasi\u00f3n se pueden alcanzar grandes metas, y quiero demostrarlo a trav\u00e9s de mi vida y mis logros. Me esfuerzo por combinar mi formaci\u00f3n en derecho con mi amor por el arte, buscando siempre nuevas maneras de impactar positivamente en mi comunidad y en el mundo. Soy una persona comprometida con mi desarrollo personal y profesional, y me enorgullece poder equilibrar mis estudios con mis pasiones art\u00edsticas. Con una visi\u00f3n clara y un coraz\u00f3n lleno de sue\u00f1os, contin\u00fao trabajando arduamente para alcanzar mis objetivos, siempre con la esperanza de inspirar a otros a seguir sus propias pasiones y perseguir sus sue\u00f1os. Facebook Instagram Mr Ecuador US 2024 &#8211; 2025 En un evento lleno de elegancia y entusiasmo, el Comit\u00e9 C\u00edvico Ecuatoriano ha tenido el honor de presentar al nuevo Mister Ecuador 2024, un destacado joven que ha sido seleccionado por su sobresaliente combinaci\u00f3n de atractivo, car\u00e1cter y compromiso con los valores de nuestro pa\u00eds. Mr. Ecuador US Jean Pierre Sol\u00f3rzano Zambrano Quiero expresar mi m\u00e1s profundo agradecimiento, en nombre propio, Jean Pierre Sol\u00f3rzano Zambrano, al Comit\u00e9 C\u00edvico Ecuatoriano de New Jersey por el inmenso honor de haberme otorgado el t\u00edtulo de Mr. Ecuador. Este reconocimiento representa para m\u00ed un compromiso con nuestra comunidad y con los valores que nos unen como ecuatorianos dentro y fuera de nuestro pa\u00eds. \u00a1Gracias por su confianza y apoyo! Facebook Instagram<\/p>","protected":false},"author":1,"featured_media":0,"parent":0,"menu_order":0,"comment_status":"closed","ping_status":"closed","template":"","meta":{"footnotes":""},"class_list":["post-574","page","type-page","status-publish","hentry"],"yoast_head":"<!-- This site is optimized with the Yoast SEO plugin v27.5 - https:\/\/yoast.com\/product\/yoast-seo-wordpress\/ -->\n<title>Miss Ecuador NJ &amp; Mr Ecuador US - Comit\u00e9 C\u00edvico Ecuatoriano de New Jersey<\/title>\n<meta name=\"robots\" content=\"index, follow, max-snippet:-1, max-image-preview:large, max-video-preview:-1\" \/>\n<link rel=\"canonical\" href=\"https:\/\/ccenj.org\/en\/miss-ecuador-nj-mr-ecuador-us\/\" \/>\n<meta property=\"og:locale\" content=\"en_US\" \/>\n<meta property=\"og:type\" content=\"article\" \/>\n<meta property=\"og:title\" content=\"Miss Ecuador NJ &amp; Mr Ecuador US - Comit\u00e9 C\u00edvico Ecuatoriano de New Jersey\" \/>\n<meta property=\"og:description\" content=\"MISS ECUADOR NJ &#038; MR ECUADOR USA El Comit\u00e9 C\u00edvico Ecuatoriano de New Jersey (CCENJ) organiza dos cert\u00e1menes emblem\u00e1ticos que celebran la cultura y el talento ecuatoriano en Estados Unidos: Miss Ecuador New Jersey y Mr. Ecuador USA. Miss Ecuador New Jersey Iniciado en 2002, este certamen femenino tiene como prop\u00f3sito elegir a una joven que represente a la comunidad ecuatoriana en el estado de Nueva Jersey. La reina seleccionada participa en eventos destacados como la Gala de los Premios C\u00f3ndor, la Misa de Uni\u00f3n Ecuatoriana, el Desfile Estatal Ecuatoriano y la Fiesta Ecuatoriana. Adem\u00e1s, se le alienta a recaudar fondos para apoyar a los menos favorecidos en Ecuador durante su reinado. \u200b Leer Mas Mr Ecuador US Este certamen masculino, instaurado en 2017, busca resaltar las cualidades f\u00edsicas, intelectuales y culturales de j\u00f3venes ecuatorianos residentes en EE. UU. Los participantes representan diversas provincias de Ecuador y se presentan en una gala especial, donde se les impone la banda correspondiente. El evento tiene como objetivo promover las tradiciones culturales de Ecuador y fortalecer los lazos entre ambos pa\u00edses. \u200b Leer Mas Miss Ecuador NJ 2024 &#8211; 2025 Presentamos con orgullo a la Reina del Comit\u00e9 C\u00edvico Ecuatoriano de New Jersey. Su elegancia, inteligencia y compromiso con nuestra comunidad la convierten en una embajadora ejemplar de la cultura ecuatoriana. A trav\u00e9s de su dedicaci\u00f3n y pasi\u00f3n, ella encarna los valores que celebramos y promueve la rica herencia de Ecuador en nuestra regi\u00f3n. \u00a1Estamos encantados de tenerla como representante y l\u00edder en nuestras iniciativas c\u00edvicas! Reina del Comit\u00e9 C\u00edvico Ecuatoriano de New Jersey Sandra Paola Jaramillo Mi nombre Sandra Paola Jaramillo.\u00a0es Nac\u00ed un 2 de enero de 1998 en Pi\u00f1as, la provincia de El Oro \u2013 Ecuador Actualmente llevo 5 a\u00f1os viviendo en New Jersey junto a mi familia.Desde ni\u00f1a eh trabajado arduamente junto a mi mam\u00e1 y mi hermano para salir adelante y crecer juntos.Eh participado en concursos de belleza desde los 11 a\u00f1os sin saber que ser\u00eda algo que me encantara hacer y lo mejor de todo, las puertas que se me han abierto para poder llegar a m\u00e1s personas y demostrar que m\u00e1s all\u00e1 de la corona puedo crear un impacto positivo en la sociedad haciendo labor social, empoderando a m\u00e1s mujeres y siendo ejemplo de perseverancia.Tengo aproximadamente 10 coronas de los diferentes concursos que he ganado y m\u00e1s de 18 bandas de diferentes designaciones.Unos de los concursos que m\u00e1s realce y oportunidades me dieron fue el haber sido\u2013 Virreina del Canton Pi\u00f1as \u2013 Teen Universe Ecuador \u2013 Primera finalista de Teen Universe 2015Gracias a estas plataformas he podido tambi\u00e9n trabajar como imagen y modelo de diferentes publicaciones, presentadora, reportera, portada de revistas, y crear as\u00ed tambi\u00e9n en mis redes sociales una peque\u00f1a comunidad donde les muestro mi diario vivir que poco a poco la quiero hacer crecer m\u00e1s. Espero m\u00e1s adelante poder participar en concursos m\u00e1s grande pero mientras tanto, seguir\u00e9 prepar\u00e1ndome para alcanzar mis metas personales y profesionales. Quiero agradecer al Comit\u00e9 C\u00edvico Ecuatoriano de New Jersey por esta gran oportunidad de tenerme como su reina y hacer realidad uno m\u00e1s de mis objetivos. Facebook Instagram Virreina del Comit\u00e9 C\u00edvico Ecuatoriano de New Jersey Victoria Alexandra Ineguez Me llamo Victoria I\u00f1eguez, tengo 22 a\u00f1os y actualmente estudio la carrera de derecho. Desde muy peque\u00f1a, la m\u00fasica ha sido mi gran pasi\u00f3n, y he dedicado gran parte de mi vida al canto, desarrollando mi talento y disfrutando cada momento que paso en el escenario. Adem\u00e1s de la m\u00fasica, el mundo art\u00edstico siempre me ha fascinado, incluyendo el emocionante \u00e1mbito de los concursos de belleza, donde he tenido la oportunidad de participar y destacarme. Mi objetivo es ser una fuente de inspiraci\u00f3n para otros. Creo firmemente que con dedicaci\u00f3n y pasi\u00f3n se pueden alcanzar grandes metas, y quiero demostrarlo a trav\u00e9s de mi vida y mis logros. Me esfuerzo por combinar mi formaci\u00f3n en derecho con mi amor por el arte, buscando siempre nuevas maneras de impactar positivamente en mi comunidad y en el mundo. Soy una persona comprometida con mi desarrollo personal y profesional, y me enorgullece poder equilibrar mis estudios con mis pasiones art\u00edsticas. Con una visi\u00f3n clara y un coraz\u00f3n lleno de sue\u00f1os, contin\u00fao trabajando arduamente para alcanzar mis objetivos, siempre con la esperanza de inspirar a otros a seguir sus propias pasiones y perseguir sus sue\u00f1os. Facebook Instagram Mr Ecuador US 2024 &#8211; 2025 En un evento lleno de elegancia y entusiasmo, el Comit\u00e9 C\u00edvico Ecuatoriano ha tenido el honor de presentar al nuevo Mister Ecuador 2024, un destacado joven que ha sido seleccionado por su sobresaliente combinaci\u00f3n de atractivo, car\u00e1cter y compromiso con los valores de nuestro pa\u00eds. Mr. Ecuador US Jean Pierre Sol\u00f3rzano Zambrano Quiero expresar mi m\u00e1s profundo agradecimiento, en nombre propio, Jean Pierre Sol\u00f3rzano Zambrano, al Comit\u00e9 C\u00edvico Ecuatoriano de New Jersey por el inmenso honor de haberme otorgado el t\u00edtulo de Mr. Ecuador. Este reconocimiento representa para m\u00ed un compromiso con nuestra comunidad y con los valores que nos unen como ecuatorianos dentro y fuera de nuestro pa\u00eds. \u00a1Gracias por su confianza y apoyo! Facebook Instagram\" \/>\n<meta property=\"og:url\" content=\"https:\/\/ccenj.org\/en\/miss-ecuador-nj-mr-ecuador-us\/\" \/>\n<meta property=\"og:site_name\" content=\"Comit\u00e9 C\u00edvico Ecuatoriano de New Jersey\" \/>\n<meta property=\"article:publisher\" content=\"https:\/\/www.facebook.com\/comite.ecuatorianonj\/\" \/>\n<meta property=\"article:modified_time\" content=\"2025-05-14T12:25:45+00:00\" \/>\n<meta property=\"og:image\" content=\"https:\/\/ccenj.org\/wp-content\/uploads\/elementor\/thumbs\/MssEcuadorNJ-logo-min-r44bn223r9ommygndb10jej8bfpvd58ykmnbly4gzo.png\" \/>\n<meta name=\"twitter:card\" content=\"summary_large_image\" \/>\n<meta name=\"twitter:label1\" content=\"Est. reading time\" \/>\n\t<meta name=\"twitter:data1\" content=\"5 minutes\" \/>\n<script type=\"application\/ld+json\" class=\"yoast-schema-graph\">{\"@context\":\"https:\\\/\\\/schema.org\",\"@graph\":[{\"@type\":\"WebPage\",\"@id\":\"https:\\\/\\\/ccenj.org\\\/miss-ecuador-nj-mr-ecuador-us\\\/\",\"url\":\"https:\\\/\\\/ccenj.org\\\/miss-ecuador-nj-mr-ecuador-us\\\/\",\"name\":\"Miss Ecuador NJ & Mr Ecuador US - Comit\u00e9 C\u00edvico Ecuatoriano de New Jersey\",\"isPartOf\":{\"@id\":\"https:\\\/\\\/ccenj.org\\\/#website\"},\"primaryImageOfPage\":{\"@id\":\"https:\\\/\\\/ccenj.org\\\/miss-ecuador-nj-mr-ecuador-us\\\/#primaryimage\"},\"image\":{\"@id\":\"https:\\\/\\\/ccenj.org\\\/miss-ecuador-nj-mr-ecuador-us\\\/#primaryimage\"},\"thumbnailUrl\":\"https:\\\/\\\/ccenj.org\\\/wp-content\\\/uploads\\\/elementor\\\/thumbs\\\/MssEcuadorNJ-logo-min-r44bn223r9ommygndb10jej8bfpvd58ykmnbly4gzo.png\",\"datePublished\":\"2025-04-27T02:40:36+00:00\",\"dateModified\":\"2025-05-14T12:25:45+00:00\",\"breadcrumb\":{\"@id\":\"https:\\\/\\\/ccenj.org\\\/miss-ecuador-nj-mr-ecuador-us\\\/#breadcrumb\"},\"inLanguage\":\"en-US\",\"potentialAction\":[{\"@type\":\"ReadAction\",\"target\":[\"https:\\\/\\\/ccenj.org\\\/miss-ecuador-nj-mr-ecuador-us\\\/\"]}]},{\"@type\":\"ImageObject\",\"inLanguage\":\"en-US\",\"@id\":\"https:\\\/\\\/ccenj.org\\\/miss-ecuador-nj-mr-ecuador-us\\\/#primaryimage\",\"url\":\"https:\\\/\\\/ccenj.org\\\/wp-content\\\/uploads\\\/elementor\\\/thumbs\\\/MssEcuadorNJ-logo-min-r44bn223r9ommygndb10jej8bfpvd58ykmnbly4gzo.png\",\"contentUrl\":\"https:\\\/\\\/ccenj.org\\\/wp-content\\\/uploads\\\/elementor\\\/thumbs\\\/MssEcuadorNJ-logo-min-r44bn223r9ommygndb10jej8bfpvd58ykmnbly4gzo.png\"},{\"@type\":\"BreadcrumbList\",\"@id\":\"https:\\\/\\\/ccenj.org\\\/miss-ecuador-nj-mr-ecuador-us\\\/#breadcrumb\",\"itemListElement\":[{\"@type\":\"ListItem\",\"position\":1,\"name\":\"Portada\",\"item\":\"https:\\\/\\\/ccenj.org\\\/\"},{\"@type\":\"ListItem\",\"position\":2,\"name\":\"Miss Ecuador NJ &#038; Mr Ecuador US\"}]},{\"@type\":\"WebSite\",\"@id\":\"https:\\\/\\\/ccenj.org\\\/#website\",\"url\":\"https:\\\/\\\/ccenj.org\\\/\",\"name\":\"Comit\u00e9 C\u00edvico Ecuatoriano de New Jersey\",\"description\":\"Unidos por nuestra comunidad ecuatoriana en NJ\",\"publisher\":{\"@id\":\"https:\\\/\\\/ccenj.org\\\/#organization\"},\"potentialAction\":[{\"@type\":\"SearchAction\",\"target\":{\"@type\":\"EntryPoint\",\"urlTemplate\":\"https:\\\/\\\/ccenj.org\\\/?s={search_term_string}\"},\"query-input\":{\"@type\":\"PropertyValueSpecification\",\"valueRequired\":true,\"valueName\":\"search_term_string\"}}],\"inLanguage\":\"en-US\"},{\"@type\":\"Organization\",\"@id\":\"https:\\\/\\\/ccenj.org\\\/#organization\",\"name\":\"Comit\u00e9 C\u00edvico Ecuatoriano de New Jersey\",\"url\":\"https:\\\/\\\/ccenj.org\\\/\",\"logo\":{\"@type\":\"ImageObject\",\"inLanguage\":\"en-US\",\"@id\":\"https:\\\/\\\/ccenj.org\\\/#\\\/schema\\\/logo\\\/image\\\/\",\"url\":\"https:\\\/\\\/ccenj.org\\\/wp-content\\\/uploads\\\/2025\\\/04\\\/ComiteCivicoEcuatorianoNJ_Logo.png\",\"contentUrl\":\"https:\\\/\\\/ccenj.org\\\/wp-content\\\/uploads\\\/2025\\\/04\\\/ComiteCivicoEcuatorianoNJ_Logo.png\",\"width\":985,\"height\":1176,\"caption\":\"Comit\u00e9 C\u00edvico Ecuatoriano de New Jersey\"},\"image\":{\"@id\":\"https:\\\/\\\/ccenj.org\\\/#\\\/schema\\\/logo\\\/image\\\/\"},\"sameAs\":[\"https:\\\/\\\/www.facebook.com\\\/comite.ecuatorianonj\\\/\",\"https:\\\/\\\/www.instagram.com\\\/ccenj.cultura\"]}]}<\/script>\n<!-- \/ Yoast SEO plugin. -->","yoast_head_json":{"title":"Miss Ecuador NJ & Mr Ecuador US - Comit\u00e9 C\u00edvico Ecuatoriano de New Jersey","robots":{"index":"index","follow":"follow","max-snippet":"max-snippet:-1","max-image-preview":"max-image-preview:large","max-video-preview":"max-video-preview:-1"},"canonical":"https:\/\/ccenj.org\/en\/miss-ecuador-nj-mr-ecuador-us\/","og_locale":"en_US","og_type":"article","og_title":"Miss Ecuador NJ & Mr Ecuador US - Comit\u00e9 C\u00edvico Ecuatoriano de New Jersey","og_description":"MISS ECUADOR NJ &#038; MR ECUADOR USA El Comit\u00e9 C\u00edvico Ecuatoriano de New Jersey (CCENJ) organiza dos cert\u00e1menes emblem\u00e1ticos que celebran la cultura y el talento ecuatoriano en Estados Unidos: Miss Ecuador New Jersey y Mr. Ecuador USA. Miss Ecuador New Jersey Iniciado en 2002, este certamen femenino tiene como prop\u00f3sito elegir a una joven que represente a la comunidad ecuatoriana en el estado de Nueva Jersey. La reina seleccionada participa en eventos destacados como la Gala de los Premios C\u00f3ndor, la Misa de Uni\u00f3n Ecuatoriana, el Desfile Estatal Ecuatoriano y la Fiesta Ecuatoriana. Adem\u00e1s, se le alienta a recaudar fondos para apoyar a los menos favorecidos en Ecuador durante su reinado. \u200b Leer Mas Mr Ecuador US Este certamen masculino, instaurado en 2017, busca resaltar las cualidades f\u00edsicas, intelectuales y culturales de j\u00f3venes ecuatorianos residentes en EE. UU. Los participantes representan diversas provincias de Ecuador y se presentan en una gala especial, donde se les impone la banda correspondiente. El evento tiene como objetivo promover las tradiciones culturales de Ecuador y fortalecer los lazos entre ambos pa\u00edses. \u200b Leer Mas Miss Ecuador NJ 2024 &#8211; 2025 Presentamos con orgullo a la Reina del Comit\u00e9 C\u00edvico Ecuatoriano de New Jersey. Su elegancia, inteligencia y compromiso con nuestra comunidad la convierten en una embajadora ejemplar de la cultura ecuatoriana. A trav\u00e9s de su dedicaci\u00f3n y pasi\u00f3n, ella encarna los valores que celebramos y promueve la rica herencia de Ecuador en nuestra regi\u00f3n. \u00a1Estamos encantados de tenerla como representante y l\u00edder en nuestras iniciativas c\u00edvicas! Reina del Comit\u00e9 C\u00edvico Ecuatoriano de New Jersey Sandra Paola Jaramillo Mi nombre Sandra Paola Jaramillo.\u00a0es Nac\u00ed un 2 de enero de 1998 en Pi\u00f1as, la provincia de El Oro \u2013 Ecuador Actualmente llevo 5 a\u00f1os viviendo en New Jersey junto a mi familia.Desde ni\u00f1a eh trabajado arduamente junto a mi mam\u00e1 y mi hermano para salir adelante y crecer juntos.Eh participado en concursos de belleza desde los 11 a\u00f1os sin saber que ser\u00eda algo que me encantara hacer y lo mejor de todo, las puertas que se me han abierto para poder llegar a m\u00e1s personas y demostrar que m\u00e1s all\u00e1 de la corona puedo crear un impacto positivo en la sociedad haciendo labor social, empoderando a m\u00e1s mujeres y siendo ejemplo de perseverancia.Tengo aproximadamente 10 coronas de los diferentes concursos que he ganado y m\u00e1s de 18 bandas de diferentes designaciones.Unos de los concursos que m\u00e1s realce y oportunidades me dieron fue el haber sido\u2013 Virreina del Canton Pi\u00f1as \u2013 Teen Universe Ecuador \u2013 Primera finalista de Teen Universe 2015Gracias a estas plataformas he podido tambi\u00e9n trabajar como imagen y modelo de diferentes publicaciones, presentadora, reportera, portada de revistas, y crear as\u00ed tambi\u00e9n en mis redes sociales una peque\u00f1a comunidad donde les muestro mi diario vivir que poco a poco la quiero hacer crecer m\u00e1s. Espero m\u00e1s adelante poder participar en concursos m\u00e1s grande pero mientras tanto, seguir\u00e9 prepar\u00e1ndome para alcanzar mis metas personales y profesionales. Quiero agradecer al Comit\u00e9 C\u00edvico Ecuatoriano de New Jersey por esta gran oportunidad de tenerme como su reina y hacer realidad uno m\u00e1s de mis objetivos. Facebook Instagram Virreina del Comit\u00e9 C\u00edvico Ecuatoriano de New Jersey Victoria Alexandra Ineguez Me llamo Victoria I\u00f1eguez, tengo 22 a\u00f1os y actualmente estudio la carrera de derecho. Desde muy peque\u00f1a, la m\u00fasica ha sido mi gran pasi\u00f3n, y he dedicado gran parte de mi vida al canto, desarrollando mi talento y disfrutando cada momento que paso en el escenario. Adem\u00e1s de la m\u00fasica, el mundo art\u00edstico siempre me ha fascinado, incluyendo el emocionante \u00e1mbito de los concursos de belleza, donde he tenido la oportunidad de participar y destacarme. Mi objetivo es ser una fuente de inspiraci\u00f3n para otros. Creo firmemente que con dedicaci\u00f3n y pasi\u00f3n se pueden alcanzar grandes metas, y quiero demostrarlo a trav\u00e9s de mi vida y mis logros. Me esfuerzo por combinar mi formaci\u00f3n en derecho con mi amor por el arte, buscando siempre nuevas maneras de impactar positivamente en mi comunidad y en el mundo. Soy una persona comprometida con mi desarrollo personal y profesional, y me enorgullece poder equilibrar mis estudios con mis pasiones art\u00edsticas. Con una visi\u00f3n clara y un coraz\u00f3n lleno de sue\u00f1os, contin\u00fao trabajando arduamente para alcanzar mis objetivos, siempre con la esperanza de inspirar a otros a seguir sus propias pasiones y perseguir sus sue\u00f1os. Facebook Instagram Mr Ecuador US 2024 &#8211; 2025 En un evento lleno de elegancia y entusiasmo, el Comit\u00e9 C\u00edvico Ecuatoriano ha tenido el honor de presentar al nuevo Mister Ecuador 2024, un destacado joven que ha sido seleccionado por su sobresaliente combinaci\u00f3n de atractivo, car\u00e1cter y compromiso con los valores de nuestro pa\u00eds. Mr. Ecuador US Jean Pierre Sol\u00f3rzano Zambrano Quiero expresar mi m\u00e1s profundo agradecimiento, en nombre propio, Jean Pierre Sol\u00f3rzano Zambrano, al Comit\u00e9 C\u00edvico Ecuatoriano de New Jersey por el inmenso honor de haberme otorgado el t\u00edtulo de Mr. Ecuador. Este reconocimiento representa para m\u00ed un compromiso con nuestra comunidad y con los valores que nos unen como ecuatorianos dentro y fuera de nuestro pa\u00eds. \u00a1Gracias por su confianza y apoyo! Facebook Instagram","og_url":"https:\/\/ccenj.org\/en\/miss-ecuador-nj-mr-ecuador-us\/","og_site_name":"Comit\u00e9 C\u00edvico Ecuatoriano de New Jersey","article_publisher":"https:\/\/www.facebook.com\/comite.ecuatorianonj\/","article_modified_time":"2025-05-14T12:25:45+00:00","og_image":[{"url":"https:\/\/ccenj.org\/wp-content\/uploads\/elementor\/thumbs\/MssEcuadorNJ-logo-min-r44bn223r9ommygndb10jej8bfpvd58ykmnbly4gzo.png","type":"","width":"","height":""}],"twitter_card":"summary_large_image","twitter_misc":{"Est. reading time":"5 minutes"},"schema":{"@context":"https:\/\/schema.org","@graph":[{"@type":"WebPage","@id":"https:\/\/ccenj.org\/miss-ecuador-nj-mr-ecuador-us\/","url":"https:\/\/ccenj.org\/miss-ecuador-nj-mr-ecuador-us\/","name":"Miss Ecuador NJ & Mr Ecuador US - Comit\u00e9 C\u00edvico Ecuatoriano de New Jersey","isPartOf":{"@id":"https:\/\/ccenj.org\/#website"},"primaryImageOfPage":{"@id":"https:\/\/ccenj.org\/miss-ecuador-nj-mr-ecuador-us\/#primaryimage"},"image":{"@id":"https:\/\/ccenj.org\/miss-ecuador-nj-mr-ecuador-us\/#primaryimage"},"thumbnailUrl":"https:\/\/ccenj.org\/wp-content\/uploads\/elementor\/thumbs\/MssEcuadorNJ-logo-min-r44bn223r9ommygndb10jej8bfpvd58ykmnbly4gzo.png","datePublished":"2025-04-27T02:40:36+00:00","dateModified":"2025-05-14T12:25:45+00:00","breadcrumb":{"@id":"https:\/\/ccenj.org\/miss-ecuador-nj-mr-ecuador-us\/#breadcrumb"},"inLanguage":"en-US","potentialAction":[{"@type":"ReadAction","target":["https:\/\/ccenj.org\/miss-ecuador-nj-mr-ecuador-us\/"]}]},{"@type":"ImageObject","inLanguage":"en-US","@id":"https:\/\/ccenj.org\/miss-ecuador-nj-mr-ecuador-us\/#primaryimage","url":"https:\/\/ccenj.org\/wp-content\/uploads\/elementor\/thumbs\/MssEcuadorNJ-logo-min-r44bn223r9ommygndb10jej8bfpvd58ykmnbly4gzo.png","contentUrl":"https:\/\/ccenj.org\/wp-content\/uploads\/elementor\/thumbs\/MssEcuadorNJ-logo-min-r44bn223r9ommygndb10jej8bfpvd58ykmnbly4gzo.png"},{"@type":"BreadcrumbList","@id":"https:\/\/ccenj.org\/miss-ecuador-nj-mr-ecuador-us\/#breadcrumb","itemListElement":[{"@type":"ListItem","position":1,"name":"Portada","item":"https:\/\/ccenj.org\/"},{"@type":"ListItem","position":2,"name":"Miss Ecuador NJ &#038; Mr Ecuador US"}]},{"@type":"WebSite","@id":"https:\/\/ccenj.org\/#website","url":"https:\/\/ccenj.org\/","name":"Ecuadorian Civic Committee of New Jersey","description":"Unidos por nuestra comunidad ecuatoriana en NJ","publisher":{"@id":"https:\/\/ccenj.org\/#organization"},"potentialAction":[{"@type":"SearchAction","target":{"@type":"EntryPoint","urlTemplate":"https:\/\/ccenj.org\/?s={search_term_string}"},"query-input":{"@type":"PropertyValueSpecification","valueRequired":true,"valueName":"search_term_string"}}],"inLanguage":"en-US"},{"@type":"Organization","@id":"https:\/\/ccenj.org\/#organization","name":"Ecuadorian Civic Committee of New Jersey","url":"https:\/\/ccenj.org\/","logo":{"@type":"ImageObject","inLanguage":"en-US","@id":"https:\/\/ccenj.org\/#\/schema\/logo\/image\/","url":"https:\/\/ccenj.org\/wp-content\/uploads\/2025\/04\/ComiteCivicoEcuatorianoNJ_Logo.png","contentUrl":"https:\/\/ccenj.org\/wp-content\/uploads\/2025\/04\/ComiteCivicoEcuatorianoNJ_Logo.png","width":985,"height":1176,"caption":"Comit\u00e9 C\u00edvico Ecuatoriano de New Jersey"},"image":{"@id":"https:\/\/ccenj.org\/#\/schema\/logo\/image\/"},"sameAs":["https:\/\/www.facebook.com\/comite.ecuatorianonj\/","https:\/\/www.instagram.com\/ccenj.cultura"]}]}},"_links":{"self":[{"href":"https:\/\/ccenj.org\/en\/wp-json\/wp\/v2\/pages\/574","targetHints":{"allow":["GET"]}}],"collection":[{"href":"https:\/\/ccenj.org\/en\/wp-json\/wp\/v2\/pages"}],"about":[{"href":"https:\/\/ccenj.org\/en\/wp-json\/wp\/v2\/types\/page"}],"author":[{"embeddable":true,"href":"https:\/\/ccenj.org\/en\/wp-json\/wp\/v2\/users\/1"}],"replies":[{"embeddable":true,"href":"https:\/\/ccenj.org\/en\/wp-json\/wp\/v2\/comments?post=574"}],"version-history":[{"count":45,"href":"https:\/\/ccenj.org\/en\/wp-json\/wp\/v2\/pages\/574\/revisions"}],"predecessor-version":[{"id":704,"href":"https:\/\/ccenj.org\/en\/wp-json\/wp\/v2\/pages\/574\/revisions\/704"}],"wp:attachment":[{"href":"https:\/\/ccenj.org\/en\/wp-json\/wp\/v2\/media?parent=574"}],"curies":[{"name":"wp","href":"https:\/\/api.w.org\/{rel}","templated":true}]}}